{"id":110,"date":"2026-01-12T10:16:01","date_gmt":"2026-01-12T09:16:01","guid":{"rendered":"http:\/\/diderot.education\/3b3a1d-clara-gualde\/?page_id=110"},"modified":"2026-04-21T09:18:19","modified_gmt":"2026-04-21T07:18:19","slug":"associations","status":"publish","type":"page","link":"http:\/\/diderot.education\/3b3a1d-clara-gualde\/associations\/","title":{"rendered":"Associations"},"content":{"rendered":"\t\t<div data-elementor-type=\"wp-page\" data-elementor-id=\"110\" class=\"elementor elementor-110\">\n\t\t\t\t<div class=\"elementor-element elementor-element-9bc4727 e-con-full e-flex wpr-particle-no wpr-jarallax-no wpr-parallax-no wpr-sticky-section-no wpr-equal-height-no e-con e-parent\" data-id=\"9bc4727\" data-element_type=\"container\" data-e-type=\"container\" data-settings=\"{&quot;background_background&quot;:&quot;classic&quot;,&quot;shape_divider_bottom&quot;:&quot;wave-brush&quot;}\">\n\t\t\t\t<div class=\"elementor-shape elementor-shape-bottom\" aria-hidden=\"true\" data-negative=\"false\">\n\t\t\t<svg xmlns=\"http:\/\/www.w3.org\/2000\/svg\" viewBox=\"0 0 283.5 27.8\" preserveAspectRatio=\"none\">\n\t<path class=\"elementor-shape-fill\" d=\"M283.5,9.7c0,0-7.3,4.3-14,4.6c-6.8,0.3-12.6,0-20.9-1.5c-11.3-2-33.1-10.1-44.7-5.7\ts-12.1,4.6-18,7.4c-6.6,3.2-20,9.6-36.6,9.3C131.6,23.5,99.5,7.2,86.3,8c-1.4,0.1-6.6,0.8-10.5,2c-3.8,1.2-9.4,3.8-17,4.7\tc-3.2,0.4-8.3,1.1-14.2,0.9c-1.5-0.1-6.3-0.4-12-1.6c-5.7-1.2-11-3.1-15.8-3.7C6.5,9.2,0,10.8,0,10.8V0h283.5V9.7z M260.8,11.3\tc-0.7-1-2-0.4-4.3-0.4c-2.3,0-6.1-1.2-5.8-1.1c0.3,0.1,3.1,1.5,6,1.9C259.7,12.2,261.4,12.3,260.8,11.3z M242.4,8.6\tc0,0-2.4-0.2-5.6-0.9c-3.2-0.8-10.3-2.8-15.1-3.5c-8.2-1.1-15.8,0-15.1,0.1c0.8,0.1,9.6-0.6,17.6,1.1c3.3,0.7,9.3,2.2,12.4,2.7\tC239.9,8.7,242.4,8.6,242.4,8.6z M185.2,8.5c1.7-0.7-13.3,4.7-18.5,6.1c-2.1,0.6-6.2,1.6-10,2c-3.9,0.4-8.9,0.4-8.8,0.5\tc0,0.2,5.8,0.8,11.2,0c5.4-0.8,5.2-1.1,7.6-1.6C170.5,14.7,183.5,9.2,185.2,8.5z M199.1,6.9c0.2,0-0.8-0.4-4.8,1.1\tc-4,1.5-6.7,3.5-6.9,3.7c-0.2,0.1,3.5-1.8,6.6-3C197,7.5,199,6.9,199.1,6.9z M283,6c-0.1,0.1-1.9,1.1-4.8,2.5s-6.9,2.8-6.7,2.7\tc0.2,0,3.5-0.6,7.4-2.5C282.8,6.8,283.1,5.9,283,6z M31.3,11.6c0.1-0.2-1.9-0.2-4.5-1.2s-5.4-1.6-7.8-2C15,7.6,7.3,8.5,7.7,8.6\tC8,8.7,15.9,8.3,20.2,9.3c2.2,0.5,2.4,0.5,5.7,1.6S31.2,11.9,31.3,11.6z M73,9.2c0.4-0.1,3.5-1.6,8.4-2.6c4.9-1.1,8.9-0.5,8.9-0.8\tc0-0.3-1-0.9-6.2-0.3S72.6,9.3,73,9.2z M71.6,6.7C71.8,6.8,75,5.4,77.3,5c2.3-0.3,1.9-0.5,1.9-0.6c0-0.1-1.1-0.2-2.7,0.2\tC74.8,5.1,71.4,6.6,71.6,6.7z M93.6,4.4c0.1,0.2,3.5,0.8,5.6,1.8c2.1,1,1.8,0.6,1.9,0.5c0.1-0.1-0.8-0.8-2.4-1.3\tC97.1,4.8,93.5,4.2,93.6,4.4z M65.4,11.1c-0.1,0.3,0.3,0.5,1.9-0.2s2.6-1.3,2.2-1.2s-0.9,0.4-2.5,0.8C65.3,10.9,65.5,10.8,65.4,11.1\tz M34.5,12.4c-0.2,0,2.1,0.8,3.3,0.9c1.2,0.1,2,0.1,2-0.2c0-0.3-0.1-0.5-1.6-0.4C36.6,12.8,34.7,12.4,34.5,12.4z M152.2,21.1\tc-0.1,0.1-2.4-0.3-7.5-0.3c-5,0-13.6-2.4-17.2-3.5c-3.6-1.1,10,3.9,16.5,4.1C150.5,21.6,152.3,21,152.2,21.1z\"\/>\n\t<path class=\"elementor-shape-fill\" d=\"M269.6,18c-0.1-0.1-4.6,0.3-7.2,0c-7.3-0.7-17-3.2-16.6-2.9c0.4,0.3,13.7,3.1,17,3.3\tC267.7,18.8,269.7,18,269.6,18z\"\/>\n\t<path class=\"elementor-shape-fill\" d=\"M227.4,9.8c-0.2-0.1-4.5-1-9.5-1.2c-5-0.2-12.7,0.6-12.3,0.5c0.3-0.1,5.9-1.8,13.3-1.2\tS227.6,9.9,227.4,9.8z\"\/>\n\t<path class=\"elementor-shape-fill\" d=\"M204.5,13.4c-0.1-0.1,2-1,3.2-1.1c1.2-0.1,2,0,2,0.3c0,0.3-0.1,0.5-1.6,0.4\tC206.4,12.9,204.6,13.5,204.5,13.4z\"\/>\n\t<path class=\"elementor-shape-fill\" d=\"M201,10.6c0-0.1-4.4,1.2-6.3,2.2c-1.9,0.9-6.2,3.1-6.1,3.1c0.1,0.1,4.2-1.6,6.3-2.6\tS201,10.7,201,10.6z\"\/>\n\t<path class=\"elementor-shape-fill\" d=\"M154.5,26.7c-0.1-0.1-4.6,0.3-7.2,0c-7.3-0.7-17-3.2-16.6-2.9c0.4,0.3,13.7,3.1,17,3.3\tC152.6,27.5,154.6,26.8,154.5,26.7z\"\/>\n\t<path class=\"elementor-shape-fill\" d=\"M41.9,19.3c0,0,1.2-0.3,2.9-0.1c1.7,0.2,5.8,0.9,8.2,0.7c4.2-0.4,7.4-2.7,7-2.6\tc-0.4,0-4.3,2.2-8.6,1.9c-1.8-0.1-5.1-0.5-6.7-0.4S41.9,19.3,41.9,19.3z\"\/>\n\t<path class=\"elementor-shape-fill\" d=\"M75.5,12.6c0.2,0.1,2-0.8,4.3-1.1c2.3-0.2,2.1-0.3,2.1-0.5c0-0.1-1.8-0.4-3.4,0\tC76.9,11.5,75.3,12.5,75.5,12.6z\"\/>\n\t<path class=\"elementor-shape-fill\" d=\"M15.6,13.2c0-0.1,4.3,0,6.7,0.5c2.4,0.5,5,1.9,5,2c0,0.1-2.7-0.8-5.1-1.4\tC19.9,13.7,15.7,13.3,15.6,13.2z\"\/>\n<\/svg>\t\t<\/div>\n\t\t<div class=\"elementor-element elementor-element-cf7131d e-con-full e-flex wpr-particle-no wpr-jarallax-no wpr-parallax-no wpr-sticky-section-no wpr-equal-height-no e-con e-child\" data-id=\"cf7131d\" data-element_type=\"container\" data-e-type=\"container\">\n\t\t\t\t<div class=\"elementor-element elementor-element-ca8b7c2 elementor-widget__width-inherit elementor-widget elementor-widget-heading\" data-id=\"ca8b7c2\" data-element_type=\"widget\" data-e-type=\"widget\" data-widget_type=\"heading.default\">\n\t\t\t\t\t<h2 class=\"elementor-heading-title elementor-size-default\">Associations<\/h2>\t\t\t\t<\/div>\n\t\t\t\t<\/div>\n\t\t\t\t<\/div>\n\t\t\t\t<section class=\"elementor-section elementor-top-section elementor-element elementor-element-8a39bf4 elementor-section-boxed elementor-section-height-default elementor-section-height-default wpr-particle-no wpr-jarallax-no wpr-parallax-no wpr-sticky-section-no wpr-equal-height-no\" data-id=\"8a39bf4\" data-element_type=\"section\" data-e-type=\"section\">\n\t\t\t\t\t\t<div class=\"elementor-container elementor-column-gap-default\">\n\t\t\t\t\t<div class=\"elementor-column elementor-col-50 elementor-top-column elementor-element elementor-element-4e9f1a0a\" data-id=\"4e9f1a0a\" data-element_type=\"column\" data-e-type=\"column\">\n\t\t\t<div class=\"elementor-widget-wrap elementor-element-populated\">\n\t\t\t\t\t\t<div class=\"elementor-element elementor-element-d8c424 elementor-widget elementor-widget-heading\" data-id=\"d8c424\" data-element_type=\"widget\" data-e-type=\"widget\" data-widget_type=\"heading.default\">\n\t\t\t\t\t<h2 class=\"elementor-heading-title elementor-size-default\">EMBRUM'<\/h2>\t\t\t\t<\/div>\n\t\t\t\t<div class=\"elementor-element elementor-element-432c295f elementor-widget-divider--view-line elementor-widget elementor-widget-divider\" data-id=\"432c295f\" data-element_type=\"widget\" data-e-type=\"widget\" data-widget_type=\"divider.default\">\n\t\t\t\t\t\t\t<div class=\"elementor-divider\">\n\t\t\t<span class=\"elementor-divider-separator\">\n\t\t\t\t\t\t<\/span>\n\t\t<\/div>\n\t\t\t\t\t\t<\/div>\n\t\t\t\t<div class=\"elementor-element elementor-element-2bb57279 elementor-widget elementor-widget-text-editor\" data-id=\"2bb57279\" data-element_type=\"widget\" data-e-type=\"widget\" data-widget_type=\"text-editor.default\">\n\t\t\t\t\t\t\t\t\t<p>Embrum&rsquo; est une association que j&rsquo;ai d\u00e9velopp\u00e9 avec deux de mes camarades de classe et dans laquelle je suis secr\u00e9taire. Cette association a pour buts de d\u00e9velopper et r\u00e9aliser des actions dans le cadre de la protection de l&rsquo;environnement avec une app\u00e9tence pour les milieux marins.<\/p>\t\t\t\t\t\t\t\t<\/div>\n\t\t\t\t<div class=\"elementor-element elementor-element-62e7f8e elementor-align-left elementor-widget elementor-widget-button\" data-id=\"62e7f8e\" data-element_type=\"widget\" data-e-type=\"widget\" data-widget_type=\"button.default\">\n\t\t\t\t\t\t\t\t\t\t<a class=\"elementor-button elementor-button-link elementor-size-sm\" href=\"https:\/\/www.instagram.com\/embrum_asso\/?hl=fr\">\n\t\t\t\t\t\t<span class=\"elementor-button-content-wrapper\">\n\t\t\t\t\t\t\t\t\t<span class=\"elementor-button-text\">En savoir plus<\/span>\n\t\t\t\t\t<\/span>\n\t\t\t\t\t<\/a>\n\t\t\t\t\t\t\t\t<\/div>\n\t\t\t\t\t<\/div>\n\t\t<\/div>\n\t\t\t\t<div class=\"elementor-column elementor-col-50 elementor-top-column elementor-element elementor-element-68b48bc5\" data-id=\"68b48bc5\" data-element_type=\"column\" data-e-type=\"column\">\n\t\t\t<div class=\"elementor-widget-wrap elementor-element-populated\">\n\t\t\t\t\t\t<div class=\"elementor-element elementor-element-49659570 elementor-widget elementor-widget-image\" data-id=\"49659570\" data-element_type=\"widget\" data-e-type=\"widget\" data-widget_type=\"image.default\">\n\t\t\t\t\t\t\t\t\t\t\t\t\t\t\t<img fetchpriority=\"high\" decoding=\"async\" width=\"945\" height=\"616\" src=\"http:\/\/diderot.education\/3b3a1d-clara-gualde\/wp-content\/uploads\/sites\/973\/2026\/04\/c6414b1c-d53a-451a-b2e0-aca6c6e6a7c9.jpg\" class=\"attachment-large size-large wp-image-947\" alt=\"\" srcset=\"http:\/\/diderot.education\/3b3a1d-clara-gualde\/wp-content\/uploads\/sites\/973\/2026\/04\/c6414b1c-d53a-451a-b2e0-aca6c6e6a7c9.jpg 945w, http:\/\/diderot.education\/3b3a1d-clara-gualde\/wp-content\/uploads\/sites\/973\/2026\/04\/c6414b1c-d53a-451a-b2e0-aca6c6e6a7c9-300x196.jpg 300w, http:\/\/diderot.education\/3b3a1d-clara-gualde\/wp-content\/uploads\/sites\/973\/2026\/04\/c6414b1c-d53a-451a-b2e0-aca6c6e6a7c9-768x501.jpg 768w, http:\/\/diderot.education\/3b3a1d-clara-gualde\/wp-content\/uploads\/sites\/973\/2026\/04\/c6414b1c-d53a-451a-b2e0-aca6c6e6a7c9-24x16.jpg 24w, http:\/\/diderot.education\/3b3a1d-clara-gualde\/wp-content\/uploads\/sites\/973\/2026\/04\/c6414b1c-d53a-451a-b2e0-aca6c6e6a7c9-36x23.jpg 36w, http:\/\/diderot.education\/3b3a1d-clara-gualde\/wp-content\/uploads\/sites\/973\/2026\/04\/c6414b1c-d53a-451a-b2e0-aca6c6e6a7c9-48x31.jpg 48w\" sizes=\"(max-width: 945px) 100vw, 945px\" \/>\t\t\t\t\t\t\t\t\t\t\t\t\t\t\t<\/div>\n\t\t\t\t\t<\/div>\n\t\t<\/div>\n\t\t\t\t\t<\/div>\n\t\t<\/section>\n\t\t\t\t<section class=\"elementor-section elementor-top-section elementor-element elementor-element-144b54ae elementor-section-boxed elementor-section-height-default elementor-section-height-default wpr-particle-no wpr-jarallax-no wpr-parallax-no wpr-sticky-section-no wpr-equal-height-no\" data-id=\"144b54ae\" data-element_type=\"section\" data-e-type=\"section\">\n\t\t\t\t\t\t<div class=\"elementor-container elementor-column-gap-wide\">\n\t\t\t\t\t<div class=\"elementor-column elementor-col-50 elementor-top-column elementor-element elementor-element-3adc3fe2\" data-id=\"3adc3fe2\" data-element_type=\"column\" data-e-type=\"column\">\n\t\t\t<div class=\"elementor-widget-wrap elementor-element-populated\">\n\t\t\t\t\t\t<div class=\"elementor-element elementor-element-6004723 elementor-widget elementor-widget-image\" data-id=\"6004723\" data-element_type=\"widget\" data-e-type=\"widget\" data-widget_type=\"image.default\">\n\t\t\t\t\t\t\t\t\t\t\t\t\t\t\t<img decoding=\"async\" src=\"https:\/\/www.asso-ailerons.fr\/wp-content\/uploads\/2018\/12\/requin-origami-ailerons-600x419.png.webp\" title=\"\" alt=\"\" loading=\"lazy\" \/>\t\t\t\t\t\t\t\t\t\t\t\t\t\t\t<\/div>\n\t\t\t\t\t<\/div>\n\t\t<\/div>\n\t\t\t\t<div class=\"elementor-column elementor-col-50 elementor-top-column elementor-element elementor-element-cefe077\" data-id=\"cefe077\" data-element_type=\"column\" data-e-type=\"column\">\n\t\t\t<div class=\"elementor-widget-wrap elementor-element-populated\">\n\t\t\t\t\t\t<div class=\"elementor-element elementor-element-5c21eee2 elementor-widget elementor-widget-text-editor\" data-id=\"5c21eee2\" data-element_type=\"widget\" data-e-type=\"widget\" data-widget_type=\"text-editor.default\">\n\t\t\t\t\t\t\t\t\t<p>AILERONS<\/p>\t\t\t\t\t\t\t\t<\/div>\n\t\t\t\t<div class=\"elementor-element elementor-element-7de11d9e elementor-widget-divider--view-line elementor-widget elementor-widget-divider\" data-id=\"7de11d9e\" data-element_type=\"widget\" data-e-type=\"widget\" data-widget_type=\"divider.default\">\n\t\t\t\t\t\t\t<div class=\"elementor-divider\">\n\t\t\t<span class=\"elementor-divider-separator\">\n\t\t\t\t\t\t<\/span>\n\t\t<\/div>\n\t\t\t\t\t\t<\/div>\n\t\t\t\t<div class=\"elementor-element elementor-element-2f8a98b elementor-icon-list--layout-inline elementor-widget__width-initial elementor-list-item-link-full_width elementor-widget elementor-widget-icon-list\" data-id=\"2f8a98b\" data-element_type=\"widget\" data-e-type=\"widget\" data-widget_type=\"icon-list.default\">\n\t\t\t\t\t\t\t<ul class=\"elementor-icon-list-items elementor-inline-items\">\n\t\t\t\t\t\t\t<li class=\"elementor-icon-list-item elementor-inline-item\">\n\t\t\t\t\t\t\t\t\t\t<span class=\"elementor-icon-list-text\"><br>L\u2019association AILERONS \u0153uvre pour l\u2019am\u00e9lioration des connaissances et la protection des raies et des requins de M\u00e9diterran\u00e9e dans laquelle je suis adh\u00e9rente. La m\u00e9connaissance actuelle et la mauvaise image de ces esp\u00e8ces fait cruellement d\u00e9faut \u00e0 la mise en place de mesures ou plans de gestion concrets.<\/span>\n\t\t\t\t\t\t\t\t\t<\/li>\n\t\t\t\t\t\t<\/ul>\n\t\t\t\t\t\t<\/div>\n\t\t\t\t<div class=\"elementor-element elementor-element-2e3d3c2 elementor-align-left elementor-widget elementor-widget-button\" data-id=\"2e3d3c2\" data-element_type=\"widget\" data-e-type=\"widget\" data-widget_type=\"button.default\">\n\t\t\t\t\t\t\t\t\t\t<a class=\"elementor-button elementor-button-link elementor-size-sm\" href=\"https:\/\/www.asso-ailerons.fr\/\" target=\"_blank\">\n\t\t\t\t\t\t<span class=\"elementor-button-content-wrapper\">\n\t\t\t\t\t\t\t\t\t<span class=\"elementor-button-text\">En savoir plus<\/span>\n\t\t\t\t\t<\/span>\n\t\t\t\t\t<\/a>\n\t\t\t\t\t\t\t\t<\/div>\n\t\t\t\t\t<\/div>\n\t\t<\/div>\n\t\t\t\t\t<\/div>\n\t\t<\/section>\n\t\t\t\t<section class=\"elementor-section elementor-top-section elementor-element elementor-element-3e1fd5d2 elementor-section-boxed elementor-section-height-default elementor-section-height-default wpr-particle-no wpr-jarallax-no wpr-parallax-no wpr-sticky-section-no wpr-equal-height-no\" data-id=\"3e1fd5d2\" data-element_type=\"section\" data-e-type=\"section\">\n\t\t\t\t\t\t<div class=\"elementor-container elementor-column-gap-wide\">\n\t\t\t\t\t<div class=\"elementor-column elementor-col-50 elementor-top-column elementor-element elementor-element-5db6aa8\" data-id=\"5db6aa8\" data-element_type=\"column\" data-e-type=\"column\">\n\t\t\t<div class=\"elementor-widget-wrap elementor-element-populated\">\n\t\t\t\t\t\t<div class=\"elementor-element elementor-element-3ff0809b elementor-widget elementor-widget-heading\" data-id=\"3ff0809b\" data-element_type=\"widget\" data-e-type=\"widget\" data-widget_type=\"heading.default\">\n\t\t\t\t\t<h2 class=\"elementor-heading-title elementor-size-default\">GNAUM<\/h2>\t\t\t\t<\/div>\n\t\t\t\t<div class=\"elementor-element elementor-element-390a9b69 elementor-widget elementor-widget-text-editor\" data-id=\"390a9b69\" data-element_type=\"widget\" data-e-type=\"widget\" data-widget_type=\"text-editor.default\">\n\t\t\t\t\t\t\t\t\t<p>\u00a0Le Groupe NAturaliste de l&rsquo;Universit\u00e9 de Montpellier, cr\u00e9\u00e9e il y a maintenant 24 ans. Il s&rsquo;agit d&rsquo;une association de sensibilisation de la biodiversit\u00e9 qui propose notamment des sorties naturalistes et des observations. Elle organise de nombreux \u00e9v\u00e8nements allant de conf\u00e9rences \u00e0 des \u00e9v\u00e8nements plus important comme les 24h de la Biodiversit\u00e9.\u00a0<\/p>\t\t\t\t\t\t\t\t<\/div>\n\t\t\t\t<div class=\"elementor-element elementor-element-a955f46 elementor-align-left elementor-widget elementor-widget-button\" data-id=\"a955f46\" data-element_type=\"widget\" data-e-type=\"widget\" data-widget_type=\"button.default\">\n\t\t\t\t\t\t\t\t\t\t<a class=\"elementor-button elementor-button-link elementor-size-sm\" href=\"https:\/\/www.gnaum.fr\/\" target=\"_blank\">\n\t\t\t\t\t\t<span class=\"elementor-button-content-wrapper\">\n\t\t\t\t\t\t\t\t\t<span class=\"elementor-button-text\">En savoir plus<\/span>\n\t\t\t\t\t<\/span>\n\t\t\t\t\t<\/a>\n\t\t\t\t\t\t\t\t<\/div>\n\t\t\t\t\t<\/div>\n\t\t<\/div>\n\t\t\t\t<div class=\"elementor-column elementor-col-50 elementor-top-column elementor-element elementor-element-13400af7\" data-id=\"13400af7\" data-element_type=\"column\" data-e-type=\"column\">\n\t\t\t<div class=\"elementor-widget-wrap elementor-element-populated\">\n\t\t\t\t\t\t<div class=\"elementor-element elementor-element-48ba2400 elementor-widget elementor-widget-image\" data-id=\"48ba2400\" data-element_type=\"widget\" data-e-type=\"widget\" data-widget_type=\"image.default\">\n\t\t\t\t\t\t\t\t\t\t\t\t\t\t\t<img decoding=\"async\" width=\"349\" height=\"205\" src=\"http:\/\/diderot.education\/3b3a1d-clara-gualde\/wp-content\/uploads\/sites\/973\/2026\/04\/Capture-decran-2026-04-15-113057.png\" class=\"attachment-full size-full wp-image-950\" alt=\"\" srcset=\"http:\/\/diderot.education\/3b3a1d-clara-gualde\/wp-content\/uploads\/sites\/973\/2026\/04\/Capture-decran-2026-04-15-113057.png 349w, http:\/\/diderot.education\/3b3a1d-clara-gualde\/wp-content\/uploads\/sites\/973\/2026\/04\/Capture-decran-2026-04-15-113057-300x176.png 300w, http:\/\/diderot.education\/3b3a1d-clara-gualde\/wp-content\/uploads\/sites\/973\/2026\/04\/Capture-decran-2026-04-15-113057-24x14.png 24w, http:\/\/diderot.education\/3b3a1d-clara-gualde\/wp-content\/uploads\/sites\/973\/2026\/04\/Capture-decran-2026-04-15-113057-36x21.png 36w, http:\/\/diderot.education\/3b3a1d-clara-gualde\/wp-content\/uploads\/sites\/973\/2026\/04\/Capture-decran-2026-04-15-113057-48x28.png 48w\" sizes=\"(max-width: 349px) 100vw, 349px\" \/>\t\t\t\t\t\t\t\t\t\t\t\t\t\t\t<\/div>\n\t\t\t\t\t<\/div>\n\t\t<\/div>\n\t\t\t\t\t<\/div>\n\t\t<\/section>\n\t\t<div class=\"elementor-element elementor-element-66c5a9d4 e-flex e-con-boxed wpr-particle-no wpr-jarallax-no wpr-parallax-no wpr-sticky-section-no wpr-equal-height-no e-con e-parent\" data-id=\"66c5a9d4\" data-element_type=\"container\" data-e-type=\"container\">\n\t\t\t\t\t<div class=\"e-con-inner\">\n\t\t\t\t\t<\/div>\n\t\t\t\t<\/div>\n\t\t\t\t<\/div>\n\t\t","protected":false},"excerpt":{"rendered":"<p>Associations EMBRUM&rsquo; Embrum&rsquo; est une association que j&rsquo;ai d\u00e9velopp\u00e9 avec deux de mes camarades de classe et dans laquelle je suis secr\u00e9taire. Cette association a pour buts de d\u00e9velopper et r\u00e9aliser des actions dans le cadre de la protection de l&rsquo;environnement avec une app\u00e9tence pour les milieux marins. En savoir plus AILERONS L\u2019association AILERONS \u0153uvre pour l\u2019am\u00e9lioration des connaissances et la protection des raies et des requins de M\u00e9diterran\u00e9e dans laquelle je suis adh\u00e9rente. La m\u00e9connaissance actuelle et la mauvaise image de ces esp\u00e8ces fait cruellement d\u00e9faut \u00e0 la mise en place de mesures ou plans de gestion concrets. En savoir plus GNAUM \u00a0Le Groupe NAturaliste de l&rsquo;Universit\u00e9 de Montpellier, cr\u00e9\u00e9e il y a maintenant 24 ans. Il s&rsquo;agit d&rsquo;une association de sensibilisation de la biodiversit\u00e9 qui propose notamment des sorties naturalistes et des observations. Elle organise de nombreux \u00e9v\u00e8nements allant de conf\u00e9rences \u00e0 des \u00e9v\u00e8nements plus important comme les 24h de la Biodiversit\u00e9.\u00a0 En savoir plus<\/p>\n","protected":false},"author":972,"featured_media":0,"parent":0,"menu_order":0,"comment_status":"closed","ping_status":"closed","template":"","meta":{"om_disable_all_campaigns":false,"footnotes":""},"class_list":["post-110","page","type-page","status-publish","hentry"],"featured_image_src":null,"yoast_head":"<!-- This site is optimized with the Yoast SEO plugin v27.5 - https:\/\/yoast.com\/product\/yoast-seo-wordpress\/ -->\n<title>Associations - Clara GUALDE<\/title>\n<meta name=\"robots\" content=\"index, follow, max-snippet:-1, max-image-preview:large, max-video-preview:-1\" \/>\n<link rel=\"canonical\" href=\"http:\/\/diderot.education\/3b3a1d-clara-gualde\/associations\/\" \/>\n<meta property=\"og:locale\" content=\"fr_FR\" \/>\n<meta property=\"og:type\" content=\"article\" \/>\n<meta property=\"og:title\" content=\"Associations - Clara GUALDE\" \/>\n<meta property=\"og:description\" content=\"Associations EMBRUM&rsquo; Embrum&rsquo; est une association que j&rsquo;ai d\u00e9velopp\u00e9 avec deux de mes camarades de classe et dans laquelle je suis secr\u00e9taire. Cette association a pour buts de d\u00e9velopper et r\u00e9aliser des actions dans le cadre de la protection de l&rsquo;environnement avec une app\u00e9tence pour les milieux marins. En savoir plus AILERONS L\u2019association AILERONS \u0153uvre pour l\u2019am\u00e9lioration des connaissances et la protection des raies et des requins de M\u00e9diterran\u00e9e dans laquelle je suis adh\u00e9rente. La m\u00e9connaissance actuelle et la mauvaise image de ces esp\u00e8ces fait cruellement d\u00e9faut \u00e0 la mise en place de mesures ou plans de gestion concrets. En savoir plus GNAUM \u00a0Le Groupe NAturaliste de l&rsquo;Universit\u00e9 de Montpellier, cr\u00e9\u00e9e il y a maintenant 24 ans. Il s&rsquo;agit d&rsquo;une association de sensibilisation de la biodiversit\u00e9 qui propose notamment des sorties naturalistes et des observations. Elle organise de nombreux \u00e9v\u00e8nements allant de conf\u00e9rences \u00e0 des \u00e9v\u00e8nements plus important comme les 24h de la Biodiversit\u00e9.\u00a0 En savoir plus\" \/>\n<meta property=\"og:url\" content=\"http:\/\/diderot.education\/3b3a1d-clara-gualde\/associations\/\" \/>\n<meta property=\"og:site_name\" content=\"Clara GUALDE\" \/>\n<meta property=\"article:modified_time\" content=\"2026-04-21T07:18:19+00:00\" \/>\n<meta property=\"og:image\" content=\"http:\/\/diderot.education\/3b3a1d-clara-gualde\/wp-content\/uploads\/sites\/973\/2026\/04\/c6414b1c-d53a-451a-b2e0-aca6c6e6a7c9.jpg\" \/>\n\t<meta property=\"og:image:width\" content=\"945\" \/>\n\t<meta property=\"og:image:height\" content=\"616\" \/>\n\t<meta property=\"og:image:type\" content=\"image\/jpeg\" \/>\n<meta name=\"twitter:card\" content=\"summary_large_image\" \/>\n<meta name=\"twitter:label1\" content=\"Dur\u00e9e de lecture estim\u00e9e\" \/>\n\t<meta name=\"twitter:data1\" content=\"1 minute\" \/>\n<script type=\"application\/ld+json\" class=\"yoast-schema-graph\">{\"@context\":\"https:\\\/\\\/schema.org\",\"@graph\":[{\"@type\":\"WebPage\",\"@id\":\"http:\\\/\\\/diderot.education\\\/3b3a1d-clara-gualde\\\/associations\\\/\",\"url\":\"http:\\\/\\\/diderot.education\\\/3b3a1d-clara-gualde\\\/associations\\\/\",\"name\":\"Associations - Clara GUALDE\",\"isPartOf\":{\"@id\":\"http:\\\/\\\/diderot.education\\\/3b3a1d-clara-gualde\\\/#website\"},\"primaryImageOfPage\":{\"@id\":\"http:\\\/\\\/diderot.education\\\/3b3a1d-clara-gualde\\\/associations\\\/#primaryimage\"},\"image\":{\"@id\":\"http:\\\/\\\/diderot.education\\\/3b3a1d-clara-gualde\\\/associations\\\/#primaryimage\"},\"thumbnailUrl\":\"http:\\\/\\\/diderot.education\\\/3b3a1d-clara-gualde\\\/wp-content\\\/uploads\\\/sites\\\/973\\\/2026\\\/04\\\/c6414b1c-d53a-451a-b2e0-aca6c6e6a7c9.jpg\",\"datePublished\":\"2026-01-12T09:16:01+00:00\",\"dateModified\":\"2026-04-21T07:18:19+00:00\",\"breadcrumb\":{\"@id\":\"http:\\\/\\\/diderot.education\\\/3b3a1d-clara-gualde\\\/associations\\\/#breadcrumb\"},\"inLanguage\":\"fr-FR\",\"potentialAction\":[{\"@type\":\"ReadAction\",\"target\":[\"http:\\\/\\\/diderot.education\\\/3b3a1d-clara-gualde\\\/associations\\\/\"]}]},{\"@type\":\"ImageObject\",\"inLanguage\":\"fr-FR\",\"@id\":\"http:\\\/\\\/diderot.education\\\/3b3a1d-clara-gualde\\\/associations\\\/#primaryimage\",\"url\":\"http:\\\/\\\/diderot.education\\\/3b3a1d-clara-gualde\\\/wp-content\\\/uploads\\\/sites\\\/973\\\/2026\\\/04\\\/c6414b1c-d53a-451a-b2e0-aca6c6e6a7c9.jpg\",\"contentUrl\":\"http:\\\/\\\/diderot.education\\\/3b3a1d-clara-gualde\\\/wp-content\\\/uploads\\\/sites\\\/973\\\/2026\\\/04\\\/c6414b1c-d53a-451a-b2e0-aca6c6e6a7c9.jpg\",\"width\":945,\"height\":616},{\"@type\":\"BreadcrumbList\",\"@id\":\"http:\\\/\\\/diderot.education\\\/3b3a1d-clara-gualde\\\/associations\\\/#breadcrumb\",\"itemListElement\":[{\"@type\":\"ListItem\",\"position\":1,\"name\":\"Accueil\",\"item\":\"http:\\\/\\\/diderot.education\\\/3b3a1d-clara-gualde\\\/\"},{\"@type\":\"ListItem\",\"position\":2,\"name\":\"Associations\"}]},{\"@type\":\"WebSite\",\"@id\":\"http:\\\/\\\/diderot.education\\\/3b3a1d-clara-gualde\\\/#website\",\"url\":\"http:\\\/\\\/diderot.education\\\/3b3a1d-clara-gualde\\\/\",\"name\":\"Clara GUALDE\",\"description\":\"\",\"potentialAction\":[{\"@type\":\"SearchAction\",\"target\":{\"@type\":\"EntryPoint\",\"urlTemplate\":\"http:\\\/\\\/diderot.education\\\/3b3a1d-clara-gualde\\\/?s={search_term_string}\"},\"query-input\":{\"@type\":\"PropertyValueSpecification\",\"valueRequired\":true,\"valueName\":\"search_term_string\"}}],\"inLanguage\":\"fr-FR\"}]}<\/script>\n<!-- \/ Yoast SEO plugin. -->","yoast_head_json":{"title":"Associations - Clara GUALDE","robots":{"index":"index","follow":"follow","max-snippet":"max-snippet:-1","max-image-preview":"max-image-preview:large","max-video-preview":"max-video-preview:-1"},"canonical":"http:\/\/diderot.education\/3b3a1d-clara-gualde\/associations\/","og_locale":"fr_FR","og_type":"article","og_title":"Associations - Clara GUALDE","og_description":"Associations EMBRUM&rsquo; Embrum&rsquo; est une association que j&rsquo;ai d\u00e9velopp\u00e9 avec deux de mes camarades de classe et dans laquelle je suis secr\u00e9taire. Cette association a pour buts de d\u00e9velopper et r\u00e9aliser des actions dans le cadre de la protection de l&rsquo;environnement avec une app\u00e9tence pour les milieux marins. En savoir plus AILERONS L\u2019association AILERONS \u0153uvre pour l\u2019am\u00e9lioration des connaissances et la protection des raies et des requins de M\u00e9diterran\u00e9e dans laquelle je suis adh\u00e9rente. La m\u00e9connaissance actuelle et la mauvaise image de ces esp\u00e8ces fait cruellement d\u00e9faut \u00e0 la mise en place de mesures ou plans de gestion concrets. En savoir plus GNAUM \u00a0Le Groupe NAturaliste de l&rsquo;Universit\u00e9 de Montpellier, cr\u00e9\u00e9e il y a maintenant 24 ans. Il s&rsquo;agit d&rsquo;une association de sensibilisation de la biodiversit\u00e9 qui propose notamment des sorties naturalistes et des observations. Elle organise de nombreux \u00e9v\u00e8nements allant de conf\u00e9rences \u00e0 des \u00e9v\u00e8nements plus important comme les 24h de la Biodiversit\u00e9.\u00a0 En savoir plus","og_url":"http:\/\/diderot.education\/3b3a1d-clara-gualde\/associations\/","og_site_name":"Clara GUALDE","article_modified_time":"2026-04-21T07:18:19+00:00","og_image":[{"width":945,"height":616,"url":"http:\/\/diderot.education\/3b3a1d-clara-gualde\/wp-content\/uploads\/sites\/973\/2026\/04\/c6414b1c-d53a-451a-b2e0-aca6c6e6a7c9.jpg","type":"image\/jpeg"}],"twitter_card":"summary_large_image","twitter_misc":{"Dur\u00e9e de lecture estim\u00e9e":"1 minute"},"schema":{"@context":"https:\/\/schema.org","@graph":[{"@type":"WebPage","@id":"http:\/\/diderot.education\/3b3a1d-clara-gualde\/associations\/","url":"http:\/\/diderot.education\/3b3a1d-clara-gualde\/associations\/","name":"Associations - Clara GUALDE","isPartOf":{"@id":"http:\/\/diderot.education\/3b3a1d-clara-gualde\/#website"},"primaryImageOfPage":{"@id":"http:\/\/diderot.education\/3b3a1d-clara-gualde\/associations\/#primaryimage"},"image":{"@id":"http:\/\/diderot.education\/3b3a1d-clara-gualde\/associations\/#primaryimage"},"thumbnailUrl":"http:\/\/diderot.education\/3b3a1d-clara-gualde\/wp-content\/uploads\/sites\/973\/2026\/04\/c6414b1c-d53a-451a-b2e0-aca6c6e6a7c9.jpg","datePublished":"2026-01-12T09:16:01+00:00","dateModified":"2026-04-21T07:18:19+00:00","breadcrumb":{"@id":"http:\/\/diderot.education\/3b3a1d-clara-gualde\/associations\/#breadcrumb"},"inLanguage":"fr-FR","potentialAction":[{"@type":"ReadAction","target":["http:\/\/diderot.education\/3b3a1d-clara-gualde\/associations\/"]}]},{"@type":"ImageObject","inLanguage":"fr-FR","@id":"http:\/\/diderot.education\/3b3a1d-clara-gualde\/associations\/#primaryimage","url":"http:\/\/diderot.education\/3b3a1d-clara-gualde\/wp-content\/uploads\/sites\/973\/2026\/04\/c6414b1c-d53a-451a-b2e0-aca6c6e6a7c9.jpg","contentUrl":"http:\/\/diderot.education\/3b3a1d-clara-gualde\/wp-content\/uploads\/sites\/973\/2026\/04\/c6414b1c-d53a-451a-b2e0-aca6c6e6a7c9.jpg","width":945,"height":616},{"@type":"BreadcrumbList","@id":"http:\/\/diderot.education\/3b3a1d-clara-gualde\/associations\/#breadcrumb","itemListElement":[{"@type":"ListItem","position":1,"name":"Accueil","item":"http:\/\/diderot.education\/3b3a1d-clara-gualde\/"},{"@type":"ListItem","position":2,"name":"Associations"}]},{"@type":"WebSite","@id":"http:\/\/diderot.education\/3b3a1d-clara-gualde\/#website","url":"http:\/\/diderot.education\/3b3a1d-clara-gualde\/","name":"Clara GUALDE","description":"","potentialAction":[{"@type":"SearchAction","target":{"@type":"EntryPoint","urlTemplate":"http:\/\/diderot.education\/3b3a1d-clara-gualde\/?s={search_term_string}"},"query-input":{"@type":"PropertyValueSpecification","valueRequired":true,"valueName":"search_term_string"}}],"inLanguage":"fr-FR"}]}},"_links":{"self":[{"href":"http:\/\/diderot.education\/3b3a1d-clara-gualde\/wp-json\/wp\/v2\/pages\/110","targetHints":{"allow":["GET"]}}],"collection":[{"href":"http:\/\/diderot.education\/3b3a1d-clara-gualde\/wp-json\/wp\/v2\/pages"}],"about":[{"href":"http:\/\/diderot.education\/3b3a1d-clara-gualde\/wp-json\/wp\/v2\/types\/page"}],"author":[{"embeddable":true,"href":"http:\/\/diderot.education\/3b3a1d-clara-gualde\/wp-json\/wp\/v2\/users\/972"}],"replies":[{"embeddable":true,"href":"http:\/\/diderot.education\/3b3a1d-clara-gualde\/wp-json\/wp\/v2\/comments?post=110"}],"version-history":[{"count":61,"href":"http:\/\/diderot.education\/3b3a1d-clara-gualde\/wp-json\/wp\/v2\/pages\/110\/revisions"}],"predecessor-version":[{"id":1042,"href":"http:\/\/diderot.education\/3b3a1d-clara-gualde\/wp-json\/wp\/v2\/pages\/110\/revisions\/1042"}],"wp:attachment":[{"href":"http:\/\/diderot.education\/3b3a1d-clara-gualde\/wp-json\/wp\/v2\/media?parent=110"}],"curies":[{"name":"wp","href":"https:\/\/api.w.org\/{rel}","templated":true}]}}