{"id":319,"date":"2025-03-15T13:48:05","date_gmt":"2025-03-15T12:48:05","guid":{"rendered":"http:\/\/diderot.education\/6707f-marie-priscilla-rodriguez\/?page_id=319"},"modified":"2026-02-18T08:56:49","modified_gmt":"2026-02-18T07:56:49","slug":"ma-dietetique","status":"publish","type":"page","link":"http:\/\/diderot.education\/6707f-marie-priscilla-rodriguez\/ma-dietetique\/","title":{"rendered":"Ma di\u00e9t\u00e9tique"},"content":{"rendered":"\n<p>          C&rsquo;est tout moi !<\/p>\n\n\n\n<p>          De part mon \u00e9ducation, j&rsquo;ai toujours \u00e9t\u00e9 une vraie <strong>gourmande<\/strong>, enfant d&rsquo;une m\u00e8re <strong>r\u00e9unionnaise<\/strong>, qui \u00e9videmment fait le meilleur rougail que j&rsquo;ai p\u00fbt manger, j&rsquo;ai toujours <strong>aim\u00e9 la cuisine<\/strong>. Donc oui, malgr\u00e9 mon choix, j&rsquo;aime la cuisine riche et pleine de <strong>saveurs<\/strong>, les \u00e9pices et les calories ! Mais avec mon ancien m\u00e9tier, la soci\u00e9t\u00e9 et mon envie de prendre soin de moi et de ma sant\u00e9, je me suis int\u00e9ress\u00e9e \u00e0 mon corps de mani\u00e8re moins drastique.<\/p>\n\n\n<div class=\"wp-block-image\">\n<figure class=\"alignright size-large is-resized\"><img fetchpriority=\"high\" decoding=\"async\" width=\"1024\" height=\"683\" src=\"http:\/\/diderot.education\/6707f-marie-priscilla-rodriguez\/wp-content\/uploads\/sites\/681\/2026\/02\/ma_dietetique_vision_visage_0_85Mo-1024x683.jpg\" alt=\"\" class=\"wp-image-786\" style=\"aspect-ratio:1.4992879521503846;width:427px;height:auto\" srcset=\"http:\/\/diderot.education\/6707f-marie-priscilla-rodriguez\/wp-content\/uploads\/sites\/681\/2026\/02\/ma_dietetique_vision_visage_0_85Mo-1024x683.jpg 1024w, http:\/\/diderot.education\/6707f-marie-priscilla-rodriguez\/wp-content\/uploads\/sites\/681\/2026\/02\/ma_dietetique_vision_visage_0_85Mo-300x200.jpg 300w, http:\/\/diderot.education\/6707f-marie-priscilla-rodriguez\/wp-content\/uploads\/sites\/681\/2026\/02\/ma_dietetique_vision_visage_0_85Mo-768x512.jpg 768w, http:\/\/diderot.education\/6707f-marie-priscilla-rodriguez\/wp-content\/uploads\/sites\/681\/2026\/02\/ma_dietetique_vision_visage_0_85Mo-24x16.jpg 24w, http:\/\/diderot.education\/6707f-marie-priscilla-rodriguez\/wp-content\/uploads\/sites\/681\/2026\/02\/ma_dietetique_vision_visage_0_85Mo-36x24.jpg 36w, http:\/\/diderot.education\/6707f-marie-priscilla-rodriguez\/wp-content\/uploads\/sites\/681\/2026\/02\/ma_dietetique_vision_visage_0_85Mo-48x32.jpg 48w, http:\/\/diderot.education\/6707f-marie-priscilla-rodriguez\/wp-content\/uploads\/sites\/681\/2026\/02\/ma_dietetique_vision_visage_0_85Mo.jpg 1536w\" sizes=\"(max-width: 1024px) 100vw, 1024px\" \/><\/figure>\n<\/div>\n\n\n<p>Pour ma part, je me renseigne encore sur le <strong>m\u00e9tier<\/strong> <strong>de<\/strong> <strong>di\u00e9t\u00e9ticienne<\/strong> et ses facettes, je ne suis pas encore s\u00fbre de la voie de di\u00e9t\u00e9ticienne que je vais emprunter car ce m\u00e9tier offre une multitude de <strong>possibilit\u00e9s<\/strong>. J&rsquo;ai dit \u00eatre int\u00e9ress\u00e9e par le th\u00e9rapeutique, car j&rsquo;aime pouvoir associ\u00e9 la psychologie \u00e0 laquelle je m&rsquo;int\u00e9resse \u00e0 tous domaines de sant\u00e9 mais je n&rsquo;y ai pas travaill\u00e9 pour le moment donc c&rsquo;est un projet que je ne peux valider. Je suis aujourd&rsquo;hui dans la restauration collective en <strong>clinique<\/strong> priv\u00e9e \u00e0 Lyon et mes journ\u00e9es de travail sont rythm\u00e9es en cuisine entre self et patients, et quelques protocoles \u00e0 cr\u00e9er. Pour les cours, c&rsquo;est tr\u00e8s attrayant, j&rsquo;en apprend tellement et je me d\u00e9couvre encore car c&rsquo;est un m\u00e9tier que dans le fond, je ne connais pas tant que \u00e7a.<\/p>\n\n\n\n<p>          J&rsquo;aimerais avoir une <strong>approche d\u00e9taill\u00e9e<\/strong>, <strong>renseign\u00e9e<\/strong> et <strong>cultiv\u00e9e<\/strong> du m\u00e9tier avec des explications claires et approfondies quelque soit le th\u00e8me. J&rsquo;aimerais pouvoir me d\u00e9marquer avec mes connaissances acquises durant mon parcours en alternance. Ce m\u00e9tier se veut <strong>bienveillant<\/strong> et c&rsquo;est une qualit\u00e9 que j&rsquo;admire particuli\u00e8rement et qui me sied. C&rsquo;est pour cela que d\u00e8s le d\u00e9part j&rsquo;ai int\u00e9gr\u00e9 dans ce site une page conseils et recettes afin de <strong>partager<\/strong> avec vous mes connaissances \u00e0 travers ce site cr\u00e9\u00e9 pour mon <strong>projet \u00e9ducatif<\/strong>.<\/p>\n\n\n\n<p>          Je vous apporterai ici le meilleur en fonction de vos besoins et vos attentes.<\/p>\n","protected":false},"excerpt":{"rendered":"<p>C&rsquo;est tout moi ! De part mon \u00e9ducation, j&rsquo;ai toujours \u00e9t\u00e9 une vraie gourmande, enfant d&rsquo;une m\u00e8re r\u00e9unionnaise, qui \u00e9videmment fait le meilleur rougail que j&rsquo;ai p\u00fbt manger, j&rsquo;ai toujours aim\u00e9 la cuisine. Donc oui, malgr\u00e9 mon choix, j&rsquo;aime la cuisine riche et pleine de saveurs, les \u00e9pices et les calories ! Mais avec mon ancien m\u00e9tier, la soci\u00e9t\u00e9 et mon envie de prendre soin de moi et de ma sant\u00e9, je me suis int\u00e9ress\u00e9e \u00e0 mon corps de mani\u00e8re moins drastique. Pour ma part, je me renseigne encore sur le m\u00e9tier de di\u00e9t\u00e9ticienne et ses facettes, je ne suis pas encore s\u00fbre de la voie de di\u00e9t\u00e9ticienne que je vais emprunter car ce m\u00e9tier offre une multitude de possibilit\u00e9s. J&rsquo;ai dit \u00eatre int\u00e9ress\u00e9e par le th\u00e9rapeutique, car j&rsquo;aime pouvoir associ\u00e9 la psychologie \u00e0 laquelle je m&rsquo;int\u00e9resse \u00e0 tous domaines de sant\u00e9 mais je n&rsquo;y ai pas travaill\u00e9 pour le moment donc c&rsquo;est un projet que je ne peux valider. Je suis aujourd&rsquo;hui dans la restauration collective en clinique priv\u00e9e \u00e0 Lyon et mes journ\u00e9es de travail sont rythm\u00e9es en cuisine entre self et patients, et quelques protocoles \u00e0 cr\u00e9er. Pour les cours, c&rsquo;est tr\u00e8s attrayant, j&rsquo;en apprend tellement et je me d\u00e9couvre encore car c&rsquo;est un m\u00e9tier que dans le fond, je ne connais pas tant que \u00e7a. J&rsquo;aimerais avoir une approche d\u00e9taill\u00e9e, renseign\u00e9e et cultiv\u00e9e du m\u00e9tier avec des explications claires et approfondies quelque soit le th\u00e8me. J&rsquo;aimerais pouvoir me d\u00e9marquer avec mes connaissances acquises durant mon parcours en alternance. Ce m\u00e9tier se veut bienveillant et c&rsquo;est une qualit\u00e9 que j&rsquo;admire particuli\u00e8rement et qui me sied. C&rsquo;est pour cela que d\u00e8s le d\u00e9part j&rsquo;ai int\u00e9gr\u00e9 dans ce site une page conseils et recettes afin de partager avec vous mes connaissances \u00e0 travers ce site cr\u00e9\u00e9 pour mon projet \u00e9ducatif. Je vous apporterai ici le meilleur en fonction de vos besoins et vos attentes.<\/p>\n","protected":false},"author":684,"featured_media":0,"parent":0,"menu_order":0,"comment_status":"closed","ping_status":"closed","template":"","meta":{"om_disable_all_campaigns":false,"footnotes":""},"class_list":["post-319","page","type-page","status-publish","hentry"],"featured_image_src":null,"yoast_head":"<!-- This site is optimized with the Yoast SEO plugin v27.5 - https:\/\/yoast.com\/product\/yoast-seo-wordpress\/ -->\n<title>Ma di\u00e9t\u00e9tique - PRISCILLA DIETETICIENNE<\/title>\n<meta name=\"robots\" content=\"index, follow, max-snippet:-1, max-image-preview:large, max-video-preview:-1\" \/>\n<link rel=\"canonical\" href=\"http:\/\/diderot.education\/6707f-marie-priscilla-rodriguez\/ma-dietetique\/\" \/>\n<meta property=\"og:locale\" content=\"fr_FR\" \/>\n<meta property=\"og:type\" content=\"article\" \/>\n<meta property=\"og:title\" content=\"Ma di\u00e9t\u00e9tique - PRISCILLA DIETETICIENNE\" \/>\n<meta property=\"og:description\" content=\"C&rsquo;est tout moi ! De part mon \u00e9ducation, j&rsquo;ai toujours \u00e9t\u00e9 une vraie gourmande, enfant d&rsquo;une m\u00e8re r\u00e9unionnaise, qui \u00e9videmment fait le meilleur rougail que j&rsquo;ai p\u00fbt manger, j&rsquo;ai toujours aim\u00e9 la cuisine. Donc oui, malgr\u00e9 mon choix, j&rsquo;aime la cuisine riche et pleine de saveurs, les \u00e9pices et les calories ! Mais avec mon ancien m\u00e9tier, la soci\u00e9t\u00e9 et mon envie de prendre soin de moi et de ma sant\u00e9, je me suis int\u00e9ress\u00e9e \u00e0 mon corps de mani\u00e8re moins drastique. Pour ma part, je me renseigne encore sur le m\u00e9tier de di\u00e9t\u00e9ticienne et ses facettes, je ne suis pas encore s\u00fbre de la voie de di\u00e9t\u00e9ticienne que je vais emprunter car ce m\u00e9tier offre une multitude de possibilit\u00e9s. J&rsquo;ai dit \u00eatre int\u00e9ress\u00e9e par le th\u00e9rapeutique, car j&rsquo;aime pouvoir associ\u00e9 la psychologie \u00e0 laquelle je m&rsquo;int\u00e9resse \u00e0 tous domaines de sant\u00e9 mais je n&rsquo;y ai pas travaill\u00e9 pour le moment donc c&rsquo;est un projet que je ne peux valider. Je suis aujourd&rsquo;hui dans la restauration collective en clinique priv\u00e9e \u00e0 Lyon et mes journ\u00e9es de travail sont rythm\u00e9es en cuisine entre self et patients, et quelques protocoles \u00e0 cr\u00e9er. Pour les cours, c&rsquo;est tr\u00e8s attrayant, j&rsquo;en apprend tellement et je me d\u00e9couvre encore car c&rsquo;est un m\u00e9tier que dans le fond, je ne connais pas tant que \u00e7a. J&rsquo;aimerais avoir une approche d\u00e9taill\u00e9e, renseign\u00e9e et cultiv\u00e9e du m\u00e9tier avec des explications claires et approfondies quelque soit le th\u00e8me. J&rsquo;aimerais pouvoir me d\u00e9marquer avec mes connaissances acquises durant mon parcours en alternance. Ce m\u00e9tier se veut bienveillant et c&rsquo;est une qualit\u00e9 que j&rsquo;admire particuli\u00e8rement et qui me sied. C&rsquo;est pour cela que d\u00e8s le d\u00e9part j&rsquo;ai int\u00e9gr\u00e9 dans ce site une page conseils et recettes afin de partager avec vous mes connaissances \u00e0 travers ce site cr\u00e9\u00e9 pour mon projet \u00e9ducatif. Je vous apporterai ici le meilleur en fonction de vos besoins et vos attentes.\" \/>\n<meta property=\"og:url\" content=\"http:\/\/diderot.education\/6707f-marie-priscilla-rodriguez\/ma-dietetique\/\" \/>\n<meta property=\"og:site_name\" content=\"PRISCILLA DIETETICIENNE\" \/>\n<meta property=\"article:modified_time\" content=\"2026-02-18T07:56:49+00:00\" \/>\n<meta property=\"og:image\" content=\"http:\/\/diderot.education\/6707f-marie-priscilla-rodriguez\/wp-content\/uploads\/sites\/681\/2026\/02\/ma_dietetique_vision_visage_0_85Mo.jpg\" \/>\n\t<meta property=\"og:image:width\" content=\"1536\" \/>\n\t<meta property=\"og:image:height\" content=\"1024\" \/>\n\t<meta property=\"og:image:type\" content=\"image\/jpeg\" \/>\n<meta name=\"twitter:card\" content=\"summary_large_image\" \/>\n<meta name=\"twitter:label1\" content=\"Dur\u00e9e de lecture estim\u00e9e\" \/>\n\t<meta name=\"twitter:data1\" content=\"2 minutes\" \/>\n<script type=\"application\/ld+json\" class=\"yoast-schema-graph\">{\"@context\":\"https:\\\/\\\/schema.org\",\"@graph\":[{\"@type\":\"WebPage\",\"@id\":\"http:\\\/\\\/diderot.education\\\/6707f-marie-priscilla-rodriguez\\\/ma-dietetique\\\/\",\"url\":\"http:\\\/\\\/diderot.education\\\/6707f-marie-priscilla-rodriguez\\\/ma-dietetique\\\/\",\"name\":\"Ma di\u00e9t\u00e9tique - PRISCILLA DIETETICIENNE\",\"isPartOf\":{\"@id\":\"http:\\\/\\\/diderot.education\\\/6707f-marie-priscilla-rodriguez\\\/#website\"},\"primaryImageOfPage\":{\"@id\":\"http:\\\/\\\/diderot.education\\\/6707f-marie-priscilla-rodriguez\\\/ma-dietetique\\\/#primaryimage\"},\"image\":{\"@id\":\"http:\\\/\\\/diderot.education\\\/6707f-marie-priscilla-rodriguez\\\/ma-dietetique\\\/#primaryimage\"},\"thumbnailUrl\":\"http:\\\/\\\/diderot.education\\\/6707f-marie-priscilla-rodriguez\\\/wp-content\\\/uploads\\\/sites\\\/681\\\/2026\\\/02\\\/ma_dietetique_vision_visage_0_85Mo-1024x683.jpg\",\"datePublished\":\"2025-03-15T12:48:05+00:00\",\"dateModified\":\"2026-02-18T07:56:49+00:00\",\"breadcrumb\":{\"@id\":\"http:\\\/\\\/diderot.education\\\/6707f-marie-priscilla-rodriguez\\\/ma-dietetique\\\/#breadcrumb\"},\"inLanguage\":\"fr-FR\",\"potentialAction\":[{\"@type\":\"ReadAction\",\"target\":[\"http:\\\/\\\/diderot.education\\\/6707f-marie-priscilla-rodriguez\\\/ma-dietetique\\\/\"]}]},{\"@type\":\"ImageObject\",\"inLanguage\":\"fr-FR\",\"@id\":\"http:\\\/\\\/diderot.education\\\/6707f-marie-priscilla-rodriguez\\\/ma-dietetique\\\/#primaryimage\",\"url\":\"http:\\\/\\\/diderot.education\\\/6707f-marie-priscilla-rodriguez\\\/wp-content\\\/uploads\\\/sites\\\/681\\\/2026\\\/02\\\/ma_dietetique_vision_visage_0_85Mo.jpg\",\"contentUrl\":\"http:\\\/\\\/diderot.education\\\/6707f-marie-priscilla-rodriguez\\\/wp-content\\\/uploads\\\/sites\\\/681\\\/2026\\\/02\\\/ma_dietetique_vision_visage_0_85Mo.jpg\",\"width\":1536,\"height\":1024},{\"@type\":\"BreadcrumbList\",\"@id\":\"http:\\\/\\\/diderot.education\\\/6707f-marie-priscilla-rodriguez\\\/ma-dietetique\\\/#breadcrumb\",\"itemListElement\":[{\"@type\":\"ListItem\",\"position\":1,\"name\":\"Accueil\",\"item\":\"http:\\\/\\\/diderot.education\\\/6707f-marie-priscilla-rodriguez\\\/\"},{\"@type\":\"ListItem\",\"position\":2,\"name\":\"Ma di\u00e9t\u00e9tique\"}]},{\"@type\":\"WebSite\",\"@id\":\"http:\\\/\\\/diderot.education\\\/6707f-marie-priscilla-rodriguez\\\/#website\",\"url\":\"http:\\\/\\\/diderot.education\\\/6707f-marie-priscilla-rodriguez\\\/\",\"name\":\"PRISCILLA DIETETICIENNE\",\"description\":\"LE PLAISIR DE MIEUX MANGER\",\"potentialAction\":[{\"@type\":\"SearchAction\",\"target\":{\"@type\":\"EntryPoint\",\"urlTemplate\":\"http:\\\/\\\/diderot.education\\\/6707f-marie-priscilla-rodriguez\\\/?s={search_term_string}\"},\"query-input\":{\"@type\":\"PropertyValueSpecification\",\"valueRequired\":true,\"valueName\":\"search_term_string\"}}],\"inLanguage\":\"fr-FR\"}]}<\/script>\n<!-- \/ Yoast SEO plugin. -->","yoast_head_json":{"title":"Ma di\u00e9t\u00e9tique - PRISCILLA DIETETICIENNE","robots":{"index":"index","follow":"follow","max-snippet":"max-snippet:-1","max-image-preview":"max-image-preview:large","max-video-preview":"max-video-preview:-1"},"canonical":"http:\/\/diderot.education\/6707f-marie-priscilla-rodriguez\/ma-dietetique\/","og_locale":"fr_FR","og_type":"article","og_title":"Ma di\u00e9t\u00e9tique - PRISCILLA DIETETICIENNE","og_description":"C&rsquo;est tout moi ! De part mon \u00e9ducation, j&rsquo;ai toujours \u00e9t\u00e9 une vraie gourmande, enfant d&rsquo;une m\u00e8re r\u00e9unionnaise, qui \u00e9videmment fait le meilleur rougail que j&rsquo;ai p\u00fbt manger, j&rsquo;ai toujours aim\u00e9 la cuisine. Donc oui, malgr\u00e9 mon choix, j&rsquo;aime la cuisine riche et pleine de saveurs, les \u00e9pices et les calories ! Mais avec mon ancien m\u00e9tier, la soci\u00e9t\u00e9 et mon envie de prendre soin de moi et de ma sant\u00e9, je me suis int\u00e9ress\u00e9e \u00e0 mon corps de mani\u00e8re moins drastique. Pour ma part, je me renseigne encore sur le m\u00e9tier de di\u00e9t\u00e9ticienne et ses facettes, je ne suis pas encore s\u00fbre de la voie de di\u00e9t\u00e9ticienne que je vais emprunter car ce m\u00e9tier offre une multitude de possibilit\u00e9s. J&rsquo;ai dit \u00eatre int\u00e9ress\u00e9e par le th\u00e9rapeutique, car j&rsquo;aime pouvoir associ\u00e9 la psychologie \u00e0 laquelle je m&rsquo;int\u00e9resse \u00e0 tous domaines de sant\u00e9 mais je n&rsquo;y ai pas travaill\u00e9 pour le moment donc c&rsquo;est un projet que je ne peux valider. Je suis aujourd&rsquo;hui dans la restauration collective en clinique priv\u00e9e \u00e0 Lyon et mes journ\u00e9es de travail sont rythm\u00e9es en cuisine entre self et patients, et quelques protocoles \u00e0 cr\u00e9er. Pour les cours, c&rsquo;est tr\u00e8s attrayant, j&rsquo;en apprend tellement et je me d\u00e9couvre encore car c&rsquo;est un m\u00e9tier que dans le fond, je ne connais pas tant que \u00e7a. J&rsquo;aimerais avoir une approche d\u00e9taill\u00e9e, renseign\u00e9e et cultiv\u00e9e du m\u00e9tier avec des explications claires et approfondies quelque soit le th\u00e8me. J&rsquo;aimerais pouvoir me d\u00e9marquer avec mes connaissances acquises durant mon parcours en alternance. Ce m\u00e9tier se veut bienveillant et c&rsquo;est une qualit\u00e9 que j&rsquo;admire particuli\u00e8rement et qui me sied. C&rsquo;est pour cela que d\u00e8s le d\u00e9part j&rsquo;ai int\u00e9gr\u00e9 dans ce site une page conseils et recettes afin de partager avec vous mes connaissances \u00e0 travers ce site cr\u00e9\u00e9 pour mon projet \u00e9ducatif. Je vous apporterai ici le meilleur en fonction de vos besoins et vos attentes.","og_url":"http:\/\/diderot.education\/6707f-marie-priscilla-rodriguez\/ma-dietetique\/","og_site_name":"PRISCILLA DIETETICIENNE","article_modified_time":"2026-02-18T07:56:49+00:00","og_image":[{"width":1536,"height":1024,"url":"http:\/\/diderot.education\/6707f-marie-priscilla-rodriguez\/wp-content\/uploads\/sites\/681\/2026\/02\/ma_dietetique_vision_visage_0_85Mo.jpg","type":"image\/jpeg"}],"twitter_card":"summary_large_image","twitter_misc":{"Dur\u00e9e de lecture estim\u00e9e":"2 minutes"},"schema":{"@context":"https:\/\/schema.org","@graph":[{"@type":"WebPage","@id":"http:\/\/diderot.education\/6707f-marie-priscilla-rodriguez\/ma-dietetique\/","url":"http:\/\/diderot.education\/6707f-marie-priscilla-rodriguez\/ma-dietetique\/","name":"Ma di\u00e9t\u00e9tique - PRISCILLA DIETETICIENNE","isPartOf":{"@id":"http:\/\/diderot.education\/6707f-marie-priscilla-rodriguez\/#website"},"primaryImageOfPage":{"@id":"http:\/\/diderot.education\/6707f-marie-priscilla-rodriguez\/ma-dietetique\/#primaryimage"},"image":{"@id":"http:\/\/diderot.education\/6707f-marie-priscilla-rodriguez\/ma-dietetique\/#primaryimage"},"thumbnailUrl":"http:\/\/diderot.education\/6707f-marie-priscilla-rodriguez\/wp-content\/uploads\/sites\/681\/2026\/02\/ma_dietetique_vision_visage_0_85Mo-1024x683.jpg","datePublished":"2025-03-15T12:48:05+00:00","dateModified":"2026-02-18T07:56:49+00:00","breadcrumb":{"@id":"http:\/\/diderot.education\/6707f-marie-priscilla-rodriguez\/ma-dietetique\/#breadcrumb"},"inLanguage":"fr-FR","potentialAction":[{"@type":"ReadAction","target":["http:\/\/diderot.education\/6707f-marie-priscilla-rodriguez\/ma-dietetique\/"]}]},{"@type":"ImageObject","inLanguage":"fr-FR","@id":"http:\/\/diderot.education\/6707f-marie-priscilla-rodriguez\/ma-dietetique\/#primaryimage","url":"http:\/\/diderot.education\/6707f-marie-priscilla-rodriguez\/wp-content\/uploads\/sites\/681\/2026\/02\/ma_dietetique_vision_visage_0_85Mo.jpg","contentUrl":"http:\/\/diderot.education\/6707f-marie-priscilla-rodriguez\/wp-content\/uploads\/sites\/681\/2026\/02\/ma_dietetique_vision_visage_0_85Mo.jpg","width":1536,"height":1024},{"@type":"BreadcrumbList","@id":"http:\/\/diderot.education\/6707f-marie-priscilla-rodriguez\/ma-dietetique\/#breadcrumb","itemListElement":[{"@type":"ListItem","position":1,"name":"Accueil","item":"http:\/\/diderot.education\/6707f-marie-priscilla-rodriguez\/"},{"@type":"ListItem","position":2,"name":"Ma di\u00e9t\u00e9tique"}]},{"@type":"WebSite","@id":"http:\/\/diderot.education\/6707f-marie-priscilla-rodriguez\/#website","url":"http:\/\/diderot.education\/6707f-marie-priscilla-rodriguez\/","name":"PRISCILLA DIETETICIENNE","description":"LE PLAISIR DE MIEUX MANGER","potentialAction":[{"@type":"SearchAction","target":{"@type":"EntryPoint","urlTemplate":"http:\/\/diderot.education\/6707f-marie-priscilla-rodriguez\/?s={search_term_string}"},"query-input":{"@type":"PropertyValueSpecification","valueRequired":true,"valueName":"search_term_string"}}],"inLanguage":"fr-FR"}]}},"_links":{"self":[{"href":"http:\/\/diderot.education\/6707f-marie-priscilla-rodriguez\/wp-json\/wp\/v2\/pages\/319","targetHints":{"allow":["GET"]}}],"collection":[{"href":"http:\/\/diderot.education\/6707f-marie-priscilla-rodriguez\/wp-json\/wp\/v2\/pages"}],"about":[{"href":"http:\/\/diderot.education\/6707f-marie-priscilla-rodriguez\/wp-json\/wp\/v2\/types\/page"}],"author":[{"embeddable":true,"href":"http:\/\/diderot.education\/6707f-marie-priscilla-rodriguez\/wp-json\/wp\/v2\/users\/684"}],"replies":[{"embeddable":true,"href":"http:\/\/diderot.education\/6707f-marie-priscilla-rodriguez\/wp-json\/wp\/v2\/comments?post=319"}],"version-history":[{"count":19,"href":"http:\/\/diderot.education\/6707f-marie-priscilla-rodriguez\/wp-json\/wp\/v2\/pages\/319\/revisions"}],"predecessor-version":[{"id":798,"href":"http:\/\/diderot.education\/6707f-marie-priscilla-rodriguez\/wp-json\/wp\/v2\/pages\/319\/revisions\/798"}],"wp:attachment":[{"href":"http:\/\/diderot.education\/6707f-marie-priscilla-rodriguez\/wp-json\/wp\/v2\/media?parent=319"}],"curies":[{"name":"wp","href":"https:\/\/api.w.org\/{rel}","templated":true}]}}